{"id":6046,"date":"2023-06-12T12:24:23","date_gmt":"2023-06-12T12:24:23","guid":{"rendered":"https:\/\/lauchernalp-resort.ch\/?page_id=6046"},"modified":"2024-06-20T10:02:00","modified_gmt":"2024-06-20T10:02:00","slug":"leukerbad","status":"publish","type":"page","link":"https:\/\/lauchernalp-resort.ch\/de\/leukerbad\/","title":{"rendered":"Leukerbad"},"content":{"rendered":"<p>[et_pb_section fb_built=&#8221;1&#8243; _builder_version=&#8221;4.21.0&#8243; _module_preset=&#8221;default&#8221; custom_margin=&#8221;0px||||false|false&#8221; custom_padding=&#8221;0px||||false|false&#8221; global_colors_info=&#8221;{}&#8221;][et_pb_row _builder_version=&#8221;4.21.0&#8243; _module_preset=&#8221;default&#8221; width=&#8221;75%&#8221; width_tablet=&#8221;75%&#8221; width_phone=&#8221;85%&#8221; width_last_edited=&#8221;on|phone&#8221; max_width=&#8221;100%&#8221; custom_margin=&#8221;||40px||false|false&#8221; custom_margin_tablet=&#8221;||40px||false|false&#8221; custom_margin_phone=&#8221;||0px||false|false&#8221; custom_margin_last_edited=&#8221;on|phone&#8221; global_colors_info=&#8221;{}&#8221;][et_pb_column type=&#8221;4_4&#8243; _builder_version=&#8221;4.19.1&#8243; _module_preset=&#8221;default&#8221; global_colors_info=&#8221;{}&#8221;][et_pb_text _builder_version=&#8221;4.19.1&#8243; _module_preset=&#8221;default&#8221; text_font=&#8221;Leitura|300|on||||||&#8221; text_text_color=&#8221;#000000&#8243; text_font_size=&#8221;17px&#8221; header_text_align=&#8221;center&#8221; header_text_color=&#8221;gcid-efcfe83a-45ac-45f9-adda-2801562f31f2&#8243; header_font_size=&#8221;40px&#8221; header_2_text_align=&#8221;center&#8221; header_2_text_color=&#8221;#FFFFFF&#8221; header_2_font_size=&#8221;40px&#8221; text_orientation=&#8221;center&#8221; custom_margin=&#8221;60px||0px||false|false&#8221; custom_padding=&#8221;||0px||false|false&#8221; global_colors_info=&#8221;{%22gcid-efcfe83a-45ac-45f9-adda-2801562f31f2%22:%91%22header_text_color%22%93}&#8221;]Summer Day Trip Destinations<br \/>\n[\/et_pb_text][et_pb_text _builder_version=&#8221;4.21.0&#8243; _module_preset=&#8221;default&#8221; text_text_color=&#8221;#000000&#8243; header_text_align=&#8221;center&#8221; header_text_color=&#8221;gcid-efcfe83a-45ac-45f9-adda-2801562f31f2&#8243; header_font_size=&#8221;40px&#8221; header_2_text_align=&#8221;center&#8221; header_2_text_color=&#8221;#FFFFFF&#8221; header_2_font_size=&#8221;40px&#8221; custom_margin=&#8221;30px||10px||false|false&#8221; custom_padding=&#8221;||0px||false|false&#8221; global_colors_info=&#8221;{%22gcid-efcfe83a-45ac-45f9-adda-2801562f31f2%22:%91%22header_text_color%22%93}&#8221;]<\/p>\n<h1>Leukerbad<\/h1>\n<p>[\/et_pb_text][et_pb_text _builder_version=&#8221;4.21.0&#8243; _module_preset=&#8221;default&#8221; text_font=&#8221;Abel|300||on|||||&#8221; text_text_color=&#8221;#000000&#8243; text_font_size=&#8221;15px&#8221; text_letter_spacing=&#8221;1px&#8221; header_text_align=&#8221;center&#8221; header_text_color=&#8221;gcid-efcfe83a-45ac-45f9-adda-2801562f31f2&#8243; header_font_size=&#8221;40px&#8221; header_2_text_align=&#8221;center&#8221; header_2_text_color=&#8221;#FFFFFF&#8221; header_2_font_size=&#8221;40px&#8221; text_orientation=&#8221;center&#8221; custom_margin=&#8221;0px||0px||false|false&#8221; custom_padding=&#8221;||0px||false|false&#8221; global_colors_info=&#8221;{%22gcid-efcfe83a-45ac-45f9-adda-2801562f31f2%22:%91%22header_text_color%22%93}&#8221;]<\/p>\n<p>38 km \/ 43 Minuten FAHRT<\/p>\n<p>[\/et_pb_text][et_pb_image src=\u201dhttps:\/\/lauchernalp-resort.ch\/wp-content\/uploads\/2023\/06\/Untitled-0_web.jpg\u201d title_text=\u201dUntitled-0_web\u201d _builder_version=\u201d4.21.0\u2033 _module_preset=\u201ddefault\u201d width=\u201d85%\u201d module_alignment=\u201dcenter\u201d custom_margin=\u201d60px||||false|false\u201d animation_style=\u201dslide\u201d animation_direction=\u201dbottom\u201d animation_duration=\u201d1400ms\u201d animation_intensity_slide=\u201d4%\u201d global_colors_info=\u201d{}\u201d][\/et_pb_image][et_pb_text _builder_version=\u201d4.21.0\u2033 _module_preset=\u201ddefault\u201d width=\u201d60%\u201d width_tablet=\u201d60%\u201d width_phone=\u201d100%\u201d width_last_edited=\u201dam|Telefon\u201d module_alignment=\u201dMitte\u201d custom_margin=\u201d||||false|false\u201d custom_padding=\u201d||||false|false\u201d module_alignment_tablet=\u201dMitte\u201d module_alignment_phone=\u201dMitte\u201d module_alignment_last_edited=\u201dam|Telefon\u201d global_colors_info=\u201d{}\u201d]<\/p>\n<p class=\"p1\">Leukerbad, tauchen Sie ein in die<span> atemberaubende Bergkulisse, die diese Region erblickt. Abenteuerlustige k\u00f6nnen die \u00f6rtlichen Wanderwege entdecken. Oder genie\u00dfen Sie einfach alle Sinne in einer der \u00f6ffentlichen Thermen. F\u00fcr jeden etwas dabei, mit Supertubes f\u00fcr Kinder und einer Vielzahl an k\u00fchlen oder warmen B\u00e4dern im Innen- und Au\u00dfenbereich. Auch bekannt f\u00fcr ein erholsames Wellness-Erlebnis.\u00a0<\/p>\n<p><strong>TIPP: Nutzen Sie Ihre Lauchernalp-G\u00e4stekarte f\u00fcr eine Erm\u00e4\u00dfigung von 10%<\/strong><\/span><\/p>\n<p>[\/et_pb_text][\/et_pb_column][\/et_pb_row][et_pb_row use_custom_gutter=&#8221;on&#8221; gutter_width=&#8221;1&#8243; _builder_version=&#8221;4.21.0&#8243; _module_preset=&#8221;default&#8221; width=&#8221;75%&#8221; width_tablet=&#8221;75%&#8221; width_phone=&#8221;85%&#8221; width_last_edited=&#8221;on|phone&#8221; max_width=&#8221;100%&#8221; global_colors_info=&#8221;{}&#8221;][et_pb_column type=&#8221;4_4&#8243; _builder_version=&#8221;4.21.0&#8243; _module_preset=&#8221;default&#8221; global_colors_info=&#8221;{}&#8221;][et_pb_text _builder_version=&#8221;4.21.0&#8243; _module_preset=&#8221;default&#8221; text_text_color=&#8221;#000000&#8243; text_font_size=&#8221;25px&#8221; header_text_align=&#8221;center&#8221; header_text_color=&#8221;gcid-efcfe83a-45ac-45f9-adda-2801562f31f2&#8243; header_font_size=&#8221;40px&#8221; header_2_text_align=&#8221;center&#8221; header_2_text_color=&#8221;#FFFFFF&#8221; header_2_font_size=&#8221;40px&#8221; custom_margin=&#8221;0px||0px||false|false&#8221; custom_padding=&#8221;||0px||false|false&#8221; text_orientation_tablet=&#8221;&#8221; text_orientation_phone=&#8221;center&#8221; text_orientation_last_edited=&#8221;on|phone&#8221; global_colors_info=&#8221;{%22gcid-efcfe83a-45ac-45f9-adda-2801562f31f2%22:%91%22header_text_color%22%93}&#8221;]<\/p>\n<p>NAVIGATIONS\u00dcBERSICHT<\/p>\n<p>[\/et_pb_text][\/et_pb_column][\/et_pb_row][et_pb_row _builder_version=\u201d4.21.0\u2033 _module_preset=\u201ddefault\u201d background_color=\u201d#ffe612\u2033 transform_rotate=\u201d0deg|0deg|270deg\u201d positioning=\u201dfixed\u201d position_origin_f=\u201dcenter_left\u201d horizontal_offset=\u201d-136px\u201d width=\u201d20%\u201d custom_margin=\u201d|||0px|false|false\u201d custom_padding=\u201d10px||10px|0px|true|false\u201d animation_style=\u201dslide\u201d animation_direction=\u201dleft\u201d animation_duration=\u201d1400ms\u201d animation_intensity_slide=\u201d4%\u201d sticky_position=\u201dtop_bottom\u201d sticky_limit_top=\u201dAbschnitt\u201d sticky_limit_bottom=\u201dAbschnitt\u201d global_colors_info=\u201d{}\u201d][et_pb_column Typ=\u201d4_4\u2033 _builder_version=\u201d4.21.0\u2033 _module_preset=\u201dStandard\u201d global_colors_info=\u201d{}\u201d][et_pb_text _builder_version=\u201d4.21.0\u2033 _module_preset=\u201dStandard\u201d text_font_size=\u201d19px\u201d text_orientation=\u201dMitte\u201d custom_margin=\u201d||0px||false|false\u201d custom_padding=\u201d||0px||false|false\u201d global_colors_info=\u201d{}\u201d]<\/p>\n<p>ZIELE<\/p>\n<p>[\/et_pb_text][et_pb_text _builder_version=\u201d4.21.0\u2033 _module_preset=\u201ddefault\u201d text_font=\u201dAbel||||||||\u201d text_letter_spacing=\u201d1px\u201d text_orientation=\u201dcenter\u201d module_alignment=\u201dcenter\u201d custom_margin=\u201d||||false|false\u201d custom_padding=\u201d||||false|false\u201d global_colors_info=\u201d{}\u201d]<\/p>\n<p>DIESE SOMMERSAISON 2023 TAGESAUSFL\u00dcGE<\/p>\n<p>[\/et_pb_text][\/et_pb_column][\/et_pb_row][et_pb_row column_structure=&#8221;1_4,1_4,1_4,1_4&#8243; use_custom_gutter=&#8221;on&#8221; gutter_width=&#8221;1&#8243; custom_padding_last_edited=&#8221;on|phone&#8221; _builder_version=&#8221;4.21.0&#8243; _module_preset=&#8221;default&#8221; width=&#8221;75%&#8221; width_tablet=&#8221;75%&#8221; width_phone=&#8221;85%&#8221; width_last_edited=&#8221;on|phone&#8221; max_width=&#8221;100%&#8221; custom_margin_tablet=&#8221;&#8221; custom_margin_phone=&#8221;0px||||false|false&#8221; custom_margin_last_edited=&#8221;on|phone&#8221; custom_padding_tablet=&#8221;&#8221; custom_padding_phone=&#8221;0px||0px||false|false&#8221; global_colors_info=&#8221;{}&#8221;][et_pb_column type=&#8221;1_4&#8243; _builder_version=&#8221;4.19.1&#8243; _module_preset=&#8221;default&#8221; global_colors_info=&#8221;{}&#8221;][et_pb_blurb title=&#8221;Location from Wiler&#8221; use_icon=&#8221;on&#8221; font_icon=&#8221;&#xe01f;||divi||400&#8243; icon_color=&#8221;gcid-efcfe83a-45ac-45f9-adda-2801562f31f2&#8243; image_icon_background_color=&#8221;RGBA(255,255,255,0)&#8221; icon_placement=&#8221;left&#8221; image_icon_width=&#8221;20px&#8221; _builder_version=&#8221;4.21.0&#8243; _module_preset=&#8221;default&#8221; image_icon_custom_margin=&#8221;||||false|false&#8221; image_icon_custom_padding=&#8221;|10px|||false|false&#8221; width=&#8221;100%&#8221; module_alignment=&#8221;center&#8221; custom_margin=&#8221;||20px|0px|false|false&#8221; custom_margin_tablet=&#8221;|||0px|false|false&#8221; custom_margin_phone=&#8221;||20px|0px|false|false&#8221; custom_margin_last_edited=&#8221;on|phone&#8221; custom_padding=&#8221;|||0px|false|false&#8221; global_colors_info=&#8221;{%22gcid-efcfe83a-45ac-45f9-adda-2801562f31f2%22:%91%22icon_color%22%93}&#8221;]<\/p>\n<p>38 km \/ 43 Minuten<\/p>\n<p>[\/et_pb_blurb][et_pb_gallery gallery_ids=&#8221;6077&#8243; posts_number=&#8221;1&#8243; show_title_and_caption=&#8221;off&#8221; show_pagination=&#8221;off&#8221; zoom_icon_color=&#8221;#000000&#8243; hover_overlay_color=&#8221;rgba(255,255,255,0.18)&#8221; hover_icon=&#8221;&#x54;||divi||400&#8243; _builder_version=&#8221;4.21.0&#8243; _module_preset=&#8221;default&#8221; custom_padding=&#8221;||20px||false|false&#8221; global_colors_info=&#8221;{}&#8221;][\/et_pb_gallery][\/et_pb_column][et_pb_column type=&#8221;1_4&#8243; _builder_version=&#8221;4.19.1&#8243; _module_preset=&#8221;default&#8221; global_colors_info=&#8221;{}&#8221;][et_pb_blurb title=&#8221;Summer Activities&#8221; use_icon=&#8221;on&#8221; font_icon=&#8221;&#xf554;||fa||900&#8243; icon_color=&#8221;#112c3c&#8221; image_icon_background_color=&#8221;RGBA(255,255,255,0)&#8221; icon_placement=&#8221;left&#8221; image_icon_width=&#8221;20px&#8221; _builder_version=&#8221;4.25.0&#8243; _module_preset=&#8221;default&#8221; image_icon_custom_margin=&#8221;||||false|false&#8221; image_icon_custom_padding=&#8221;|10px|||false|false&#8221; width=&#8221;100%&#8221; module_alignment=&#8221;center&#8221; custom_margin=&#8221;|||0px|false|false&#8221; custom_margin_tablet=&#8221;|||0px|false|false&#8221; custom_margin_phone=&#8221;||20px|0px|false|false&#8221; custom_margin_last_edited=&#8221;on|phone&#8221; custom_padding=&#8221;|||0px|false|false&#8221; hover_enabled=&#8221;0&#8243; global_colors_info=&#8221;{%22gcid-efcfe83a-45ac-45f9-adda-2801562f31f2%22:%91%22icon_color%22%93}&#8221; sticky_enabled=&#8221;0&#8243;]<\/p>\n<p>WANDERN<br \/>Thermalbad Leukerbad<\/p>\n<p>[\/et_pb_blurb][\/et_pb_column][et_pb_column type=&#8221;1_4&#8243; _builder_version=&#8221;4.19.1&#8243; _module_preset=&#8221;default&#8221; global_colors_info=&#8221;{}&#8221;][et_pb_blurb title=&#8221;Traveling by Car&#8221; use_icon=&#8221;on&#8221; font_icon=&#8221;&#xf5de;||fa||900&#8243; icon_color=&#8221;#112c3c&#8221; image_icon_background_color=&#8221;RGBA(255,255,255,0)&#8221; icon_placement=&#8221;left&#8221; image_icon_width=&#8221;20px&#8221; _builder_version=&#8221;4.21.0&#8243; _module_preset=&#8221;default&#8221; image_icon_custom_margin=&#8221;||||false|false&#8221; image_icon_custom_padding=&#8221;|10px|||false|false&#8221; width=&#8221;100%&#8221; module_alignment=&#8221;center&#8221; custom_margin=&#8221;|||0px|false|false&#8221; custom_margin_tablet=&#8221;|||0px|false|false&#8221; custom_margin_phone=&#8221;||20px|0px|false|false&#8221; custom_margin_last_edited=&#8221;on|phone&#8221; custom_padding=&#8221;|||0px|false|false&#8221; global_colors_info=&#8221;{%22gcid-efcfe83a-45ac-45f9-adda-2801562f31f2%22:%91%22icon_color%22%93}&#8221;]<\/p>\n<p class=\"p1\">Nimm dich. Gasse, Goppenstein, Mittaltunnel, L\u00f6tschentalstra\u00dfe, \u2026 und A9 bis Rumelingstra\u00dfe in Varen<\/p>\n<p class=\"p1\">Folgen Sie der Rumelingstrasse und der Farnenfluh bis nach Rumeling<b><\/b><\/p>\n<p class=\"p1\">Weiterfahrt \u00fcber Rumeling nach Leukerbad.<br \/>Folgen Sie der Kantonsstrasse, Lichtenstrasse und Zur G. bis zur Dorfstrasse<\/p>\n<p><a href=\"https:\/\/goo.gl\/maps\/igWxm8Tjac3nifjM9\" target=\"_blank\" rel=\"noopener\">Richtungen<\/a><\/p>\n<p>[\/et_pb_blurb][\/et_pb_column][et_pb_column type=&#8221;1_4&#8243; _builder_version=&#8221;4.19.1&#8243; _module_preset=&#8221;default&#8221; global_colors_info=&#8221;{}&#8221;][et_pb_blurb title=&#8221;Taking Public Transport&#8221; use_icon=&#8221;on&#8221; font_icon=&#8221;&#xf239;||fa||900&#8243; icon_color=&#8221;#112c3c&#8221; image_icon_background_color=&#8221;RGBA(255,255,255,0)&#8221; icon_placement=&#8221;left&#8221; image_icon_width=&#8221;20px&#8221; _builder_version=&#8221;4.21.0&#8243; _module_preset=&#8221;default&#8221; image_icon_custom_margin=&#8221;||||false|false&#8221; image_icon_custom_padding=&#8221;|10px|||false|false&#8221; width=&#8221;100%&#8221; module_alignment=&#8221;center&#8221; custom_margin=&#8221;|||0px|false|false&#8221; custom_margin_tablet=&#8221;|||0px|false|false&#8221; custom_margin_phone=&#8221;||20px|0px|false|false&#8221; custom_margin_last_edited=&#8221;on|phone&#8221; custom_padding=&#8221;|||0px|false|false&#8221; global_colors_info=&#8221;{%22gcid-efcfe83a-45ac-45f9-adda-2801562f31f2%22:%91%22icon_color%22%93}&#8221;]<\/p>\n<p>Nehmen Sie den Bus 591 von der Talstation der Gondel nach Gampel-Steg. Nehmen Sie einen Zug vom Bahnhof Gampel-Steg nach Leuk.<\/p>\n<p>Nehmen Sie den Bus 471 vom Busbahnhof Leuk nach Leukerbad.<\/p>\n<p>Diese Route dauert etwa 1,5 bis 2 Stunden.<\/p>\n<p>[\/et_pb_blurb][\/et_pb_column][\/et_pb_row][\/et_pb_section][et_pb_section fb_built=&#8221;1&#8243; _builder_version=&#8221;4.21.0&#8243; _module_preset=&#8221;default&#8221; background_color=&#8221;gcid-1f3c0d5d-f9a1-4a5c-b039-698043e71e36&#8243; global_colors_info=&#8221;{%22gcid-1f3c0d5d-f9a1-4a5c-b039-698043e71e36%22:%91%22background_color%22%93}&#8221;][et_pb_row column_structure=&#8221;1_2,1_2&#8243; _builder_version=&#8221;4.21.0&#8243; _module_preset=&#8221;default&#8221; width=&#8221;85%&#8221; max_width=&#8221;100%&#8221; global_colors_info=&#8221;{}&#8221;][et_pb_column type=&#8221;1_2&#8243; _builder_version=&#8221;4.21.0&#8243; _module_preset=&#8221;default&#8221; global_colors_info=&#8221;{}&#8221;][et_pb_text _builder_version=&#8221;4.21.0&#8243; _module_preset=&#8221;default&#8221; text_text_color=&#8221;#FFFFFF&#8221; text_font_size=&#8221;50px&#8221; text_line_height=&#8221;1em&#8221; header_text_align=&#8221;center&#8221; header_text_color=&#8221;gcid-efcfe83a-45ac-45f9-adda-2801562f31f2&#8243; header_font_size=&#8221;40px&#8221; header_2_text_align=&#8221;center&#8221; header_2_text_color=&#8221;#FFFFFF&#8221; header_2_font_size=&#8221;40px&#8221; custom_margin=&#8221;0px||10px||false|false&#8221; custom_padding=&#8221;||0px||false|false&#8221; global_colors_info=&#8221;{%22gcid-efcfe83a-45ac-45f9-adda-2801562f31f2%22:%91%22header_text_color%22%93}&#8221;]<\/p>\n<p>ERKUNDEN<\/p>\n<p>[\/et_pb_text][et_pb_text _builder_version=&#8221;4.21.0&#8243; _module_preset=&#8221;default&#8221; text_text_color=&#8221;#FFFFFF&#8221; text_font_size=&#8221;16px&#8221; header_text_align=&#8221;center&#8221; header_text_color=&#8221;gcid-efcfe83a-45ac-45f9-adda-2801562f31f2&#8243; header_font_size=&#8221;40px&#8221; header_2_text_align=&#8221;center&#8221; header_2_text_color=&#8221;#FFFFFF&#8221; header_2_font_size=&#8221;40px&#8221; custom_margin=&#8221;0px||0px||false|false&#8221; custom_padding=&#8221;||0px||false|false&#8221; global_colors_info=&#8221;{%22gcid-efcfe83a-45ac-45f9-adda-2801562f31f2%22:%91%22header_text_color%22%93}&#8221;]<\/p>\n<p>ZIELE<\/p>\n<p>[\/et_pb_text][et_pb_text _builder_version=&#8221;4.21.0&#8243; _module_preset=&#8221;default&#8221; text_text_color=&#8221;#FFFFFF&#8221; text_font_size=&#8221;16px&#8221; header_text_align=&#8221;center&#8221; header_text_color=&#8221;gcid-efcfe83a-45ac-45f9-adda-2801562f31f2&#8243; header_font_size=&#8221;40px&#8221; header_2_text_align=&#8221;center&#8221; header_2_text_color=&#8221;#FFFFFF&#8221; header_2_font_size=&#8221;40px&#8221; custom_margin=&#8221;0px||0px||false|false&#8221; custom_padding=&#8221;||0px||false|false&#8221; global_colors_info=&#8221;{%22gcid-efcfe83a-45ac-45f9-adda-2801562f31f2%22:%91%22header_text_color%22%93}&#8221;]<\/p>\n<p>Gampel Crans Montana<br \/>L\u00f6tschental Sion<\/p>\n<p>[\/et_pb_text][et_pb_text disabled_on=&#8221;off|off|off&#8221; module_class=&#8221;.NEST-CUSTOM-ACTIVATOR&#8221; _builder_version=&#8221;4.21.0&#8243; _module_preset=&#8221;default&#8221; text_font=&#8221;Abel|700|||||||&#8221; text_text_color=&#8221;#FFFFFF&#8221; text_font_size=&#8221;16px&#8221; text_letter_spacing=&#8221;2px&#8221; custom_margin=&#8221;40px||10px||false|false&#8221; custom_padding=&#8221;||0px||false|false&#8221; animation_style=&#8221;none&#8221; global_colors_info=&#8221;{%22gcid-efcfe83a-45ac-45f9-adda-2801562f31f2%22:%91%22header_text_color%22%93}&#8221; text_text_color__sticky=&#8221;#b4936c&#8221; text_text_color__sticky_enabled=&#8221;on|sticky&#8221;]<\/p>\n<p>SOMMERTAGESREISEZIELE<\/p>\n<p>[\/et_pb_text][et_pb_text _builder_version=&#8221;4.21.0&#8243; _module_preset=&#8221;default&#8221; text_text_color=&#8221;#FFFFFF&#8221; text_font_size=&#8221;50px&#8221; text_line_height=&#8221;1em&#8221; header_text_align=&#8221;center&#8221; header_text_color=&#8221;gcid-efcfe83a-45ac-45f9-adda-2801562f31f2&#8243; header_font_size=&#8221;40px&#8221; header_2_text_align=&#8221;center&#8221; header_2_text_color=&#8221;#FFFFFF&#8221; header_2_font_size=&#8221;40px&#8221; custom_margin=&#8221;0px||10px||false|false&#8221; custom_padding=&#8221;||0px||false|false&#8221; global_colors_info=&#8221;{%22gcid-efcfe83a-45ac-45f9-adda-2801562f31f2%22:%91%22header_text_color%22%93}&#8221;]<\/p>\n<p>LEUKERBAD<\/p>\n<p>[\/et_pb_text][\/et_pb_column][et_pb_column type=&#8221;1_2&#8243; _builder_version=&#8221;4.21.0&#8243; _module_preset=&#8221;default&#8221; global_colors_info=&#8221;{}&#8221;][et_pb_text _builder_version=&#8221;4.21.0&#8243; _module_preset=&#8221;default&#8221; text_font=&#8221;Leitura|300|on||||||&#8221; text_text_color=&#8221;#FFFFFF&#8221; text_font_size=&#8221;17px&#8221; header_text_color=&#8221;gcid-efcfe83a-45ac-45f9-adda-2801562f31f2&#8243; header_font_size=&#8221;40px&#8221; header_2_text_align=&#8221;center&#8221; header_2_text_color=&#8221;#FFFFFF&#8221; header_2_font_size=&#8221;40px&#8221; custom_margin=&#8221;0px||0px||false|false&#8221; custom_padding=&#8221;||0px||false|false&#8221; global_colors_info=&#8221;{%22gcid-efcfe83a-45ac-45f9-adda-2801562f31f2%22:%91%22header_text_color%22%93}&#8221;]<\/p>\n<p>Sommer-Tagesausflugsziele<\/p>\n<p>[\/et_pb_text][et_pb_text _builder_version=&#8221;4.21.0&#8243; _module_preset=&#8221;default&#8221; text_text_color=&#8221;#FFFFFF&#8221; text_font_size=&#8221;30px&#8221; header_text_align=&#8221;center&#8221; header_text_color=&#8221;gcid-efcfe83a-45ac-45f9-adda-2801562f31f2&#8243; header_font_size=&#8221;40px&#8221; header_2_text_align=&#8221;center&#8221; header_2_text_color=&#8221;#FFFFFF&#8221; header_2_font_size=&#8221;40px&#8221; custom_margin=&#8221;20px||0px||false|false&#8221; custom_padding=&#8221;||0px||false|false&#8221; global_colors_info=&#8221;{%22gcid-efcfe83a-45ac-45f9-adda-2801562f31f2%22:%91%22header_text_color%22%93}&#8221;]<\/p>\n<p>Brigg<\/p>\n<p>[\/et_pb_text][et_pb_text _builder_version=\u201d4.21.0\u2033 _module_preset=\u201ddefault\u201d text_text_color=\u201d#FFFFFF\u201d width=\u201d90%\u201d module_alignment=\u201dleft\u201d custom_margin=\u201d||||false|false\u201d custom_padding=\u201d30px||||false|false\u201d global_colors_info=\u201d{}\u201d]<\/p>\n<p><span>Willkommen in Brig, einer Alpenstadt gleich nebenan im Wallis. Es liegt am Fu\u00dfe des Simplonpasses, der auch zur italienischen Grenze f\u00fchrt. Etwas mehr als 30 Autominuten von Wiler entfernt ist Brig Ihr perfekter Tagesausflug im Sommer. Brigerbad verf\u00fcgt \u00fcber eines der gr\u00f6\u00dften Freiluft-Thermalb\u00e4der der Schweiz. Zu Ihrer Must-See-Liste geh\u00f6ren auch die St.-Sebastian-Kapelle und das Stockalperschloss aus dem 17. Jahrhundert.<\/span><span class=\"Apple-converted-space\">\u00a0<\/span><\/p>\n<p>[\/et_pb_text][et_pb_button button_url=\u201d@ET-DC@eyJkeW5hbWljIjp0cnVlLCJjb250ZW50IjoicG9zdF9saW5rX3VybF9wYWdlIiwic2V0dGluZ3MiOnsicG9zdF9pZCI6IjU5NTAifX0=@\u201d button_text=\u201dMEHR ENTDECKEN\u201d button_alignment=\u201dleft\u201d _builder_version=\u201d4.21.0\u2033 _dynamic_attributes=\u201dbutton_url\u201d _module_preset=\u201ddefault\u201d custom_button=\u201don\u201d button_text_size=\u201d15px\u201d button_text_color=\u201d#FFFFFF\u201d button_bg_color=\u201dRGBA(255,255,255,0)\u201d button_border_width=\u201d1px\u201d Schaltfl\u00e4chenrandfarbe = \u201e#FFFFFF\u201c Schaltfl\u00e4chenrandradius = \u201e5px\u201c Schaltfl\u00e4chenbuchstabenabstand = \u201e2px\u201c Schaltfl\u00e4chenschriftart = \u201e|600|||||||\u201c button_use_icon=\u201daus\u201d custom_margin=\u201d20px||||false|false\u201d custom_margin_tablet=\u201d\u201d custom_margin_phone=\u201d||||false|false\u201d custom_margin_last_edited=\u201dan|desktop\u201d custom_padding=\u201d7px|20px|7px|20px|true|true\u201d global_colors_info=\u201d{}\u201d][\/et_pb_button][\/et_pb_column][\/et_pb_row][\/et_pb_section][et_pb_section fb_built=\u201d1\u2033 _builder_version=\u201d4.21.0\u2033 _module_preset=\u201ddefault\u201d custom_margin=\u201d||0px||false|false\u201d custom_padding=\u201d||0px||false|false\u201d global_colors_info=\u201d{}\u201d][et_pb_row column_structure=\u201d1_4,1_4,1_4,1_4\u2033 use_custom_gutter=\u201dan\u201d gutter_width=\u201d1\u2033 custom_padding_last_edited=\u201dan|Telefon\u201d _builder_version=\u201d4.21.0\u2033 _module_preset=\u201dStandard\u201d width=\u201d100%\u201d max_width=\u201d100%\u201d custom_margin=\u201d||0px||false|false\u201d custom_margin_tablet=\u201d||||false|false\u201d custom_margin_phone=\u201d||0px||false|false\u201d custom_margin_last_edited=\u201dan|Telefon\u201d custom_padding=\u201d|11px|0px|25px|false|false\u201d custom_padding_tablet=\u201d|15px||25px|false|false\u201d custom_padding_phone=\u201d||0px||false|false\u201d animation_style=\u201dFolie\u201d animation_direction=\u201dunten\u201d animation_duration=\u201d1400ms\u201d animation_intensity_slide=\u201d4%\u201d global_colors_info=\u201d{}\u201d][et_pb_column type=\u201d1_4\u2033 _builder_version=\u201d4.21.0\u2033 _module_preset=\u201ddefault\u201d custom_padding=\u201d|14px|||false|false\u201d custom_padding_tablet=\u201d|10px|||false|false\u201d custom_padding_phone=\u201d|10px|15px||false|false\u201d custom_padding_last_edited=\u201dam|Telefon\u201d global_colors_info=\u201d{}\u201d][et_pb_image src=\u201dhttps:\/\/lauchernalp-resort.ch\/wp-content\/uploads\/2023\/06\/Untitled-1_web.jpg\u201d title_text=\u201dUntitled-1_web\u201d show_bottom_space=\u201daus\u201d _builder_version=\u201d4.21.0\u2033 _module_preset=\u201ddefault\u201d custom_margin=\u201d||20px||false|false\u201d global_colors_info=\u201d{}\u201d][\/et_pb_image][et_pb_text _builder_version=\u201d4.21.0\u2033 _module_preset=\u201ddefault\u201d custom_margin=\u201d0px||0px||false|false\u201d custom_padding=\u201d0px||0px||false|false\u201d global_colors_info=\u201d{}\u201d]<\/p>\n<p>Sie sind angekommen, Ihr Eintritt in die Leukerbad Therme<\/p>\n<p>[\/et_pb_text][\/et_pb_column][et_pb_column type=\u201d1_4\u2033 _builder_version=\u201d4.21.0\u2033 _module_preset=\u201ddefault\u201d custom_padding=\u201d|14px|||false|false\u201d custom_padding_tablet=\u201d|10px|||false|false\u201d custom_padding_phone=\u201d|10px|15px||false|false\u201d custom_padding_last_edited=\u201don|phone\u201d global_colors_info=\u201d{}\u201d][et_pb_image src=\u201dhttps:\/\/lauchernalp-resort.ch\/wp-content\/uploads\/2023\/06\/Untitled-2_web.jpg\u201d title_text=\u201dUntitled-2_web\u201d show_bottom_space=\u201doff\u201d _builder_version=\u201d4.21.0\u2033 _module_preset=\u201ddefault\u201d custom_margin=\u201d||20px||false|false\u201d global_colors_info=\u201d{}\u201d][\/et_pb_image][et_pb_text _builder_version=\u201d4.21.0\u2033 _module_preset=\u201ddefault\u201d custom_margin=\u201d0px||0px||false|false\u201d custom_padding=\u201d0px||0px||false|false\u201d global_colors_info=\u201d{}\u201d]<\/p>\n<p>Verj\u00fcngung durch nat\u00fcrliches Quellwasser mit unz\u00e4hligen Thermaldruck-Jet-Stationen, B\u00e4dern, Pools und Whirlpools<\/p>\n<p>[\/et_pb_text][\/et_pb_column][et_pb_column type=\u201d1_4\u2033 _builder_version=\u201d4.21.0\u2033 _module_preset=\u201ddefault\u201d custom_padding=\u201d|14px|||false|false\u201d custom_padding_tablet=\u201d|10px|||false|false\u201d custom_padding_phone=\u201d|10px|15px||false|false\u201d custom_padding_last_edited=\u201don|phone\u201d global_colors_info=\u201d{}\u201d][et_pb_image src=\u201dhttps:\/\/lauchernalp-resort.ch\/wp-content\/uploads\/2023\/06\/Untitled-3_web.jpg\u201d title_text=\u201dUntitled-3_web\u201d show_bottom_space=\u201doff\u201d _builder_version=\u201d4.21.0\u2033 _module_preset=\u201ddefault\u201d custom_margin=\u201d||20px||false|false\u201d global_colors_info=\u201d{}\u201d][\/et_pb_image][et_pb_text _builder_version=\u201d4.21.0\u2033 _module_preset=\u201ddefault\u201d custom_margin=\u201d0px||0px||false|false\u201d custom_padding=\u201d0px||0px||false|false\u201d global_colors_info=\u201d{}\u201d]<\/p>\n<p>Luftaufnahme eines der wichtigsten Au\u00dfenpools, und nicht nur darauf beschr\u00e4nkt. Baden Sie im Freien zwischen den hohen Berggipfeln dieses besonderen Tals<\/p>\n<p>[\/et_pb_text][\/et_pb_column][et_pb_column type=\u201d1_4\u2033 _builder_version=\u201d4.21.0\u2033 _module_preset=\u201ddefault\u201d custom_padding=\u201d|14px|||false|false\u201d custom_padding_tablet=\u201d|10px|||false|false\u201d custom_padding_phone=\u201d|10px|15px||false|false\u201d custom_padding_last_edited=\u201don|phone\u201d global_colors_info=\u201d{}\u201d][et_pb_image src=\u201dhttps:\/\/lauchernalp-resort.ch\/wp-content\/uploads\/2023\/06\/Untitled-4_web.jpg\u201d title_text=\u201dUntitled-4_web\u201d show_bottom_space=\u201doff\u201d _builder_version=\u201d4.21.0\u2033 _module_preset=\u201ddefault\u201d custom_margin=\u201d||20px||false|false\u201d global_colors_info=\u201d{}\u201d][\/et_pb_image][et_pb_text _builder_version=\u201d4.21.0\u2033 _module_preset=\u201ddefault\u201d custom_margin=\u201d0px||0px||false|false\u201d custom_padding=\u201d0px||0px||false|false\u201d global_colors_info=\u201d{}\u201d]<\/p>\n<p>Klassische Schweizer Stadthausresidenzen, direkt an der Hauptfu\u00dfg\u00e4ngerstra\u00dfe und in der N\u00e4he der Thermalb\u00e4der von Leukerbad gelegen<\/p>\n<p>[\/et_pb_text][\/et_pb_column][\/et_pb_row][\/et_pb_section][et_pb_section fb_built=\u201d1\u2033 _builder_version=\u201d4.21.0\u2033 _module_preset=\u201ddefault\u201d custom_margin=\u201d0px||||false|false\u201d custom_padding=\u201d0px||||false|false\u201d global_colors_info=\u201d{}\u201d][et_pb_row column_structure=\u201d1_2,1_2\u2033 custom_padding_last_edited=\u201dam|Telefon\u201d _builder_version=\u201d4.21.0\u2033 _module_preset=\u201ddefault\u201d width=\u201d100%\u201d max_width=\u201d100%\u201d custom_margin=\u201d||||false|true\u201d custom_margin_tablet=\u201d||||false|true\u201d custom_margin_phone=\u201d0px||||false|true\u201d custom_margin_last_edited=\u201dam|Telefon\u201d custom_padding=\u201d|25px||25px|false|true\u201d custom_padding_tablet=\u201d|25px||25px|false|true\u201d custom_padding_phone=\u201d0px|25px||25px|false|true\u201d animation_style=\u201dFolie\u201d animation_direction=\u201dunten\u201d animation_duration=\u201d1400ms\u201d animation_intensity_slide=\u201d4%\u201d global_colors_info=\u201d{}\u201d][et_pb_column type=\u201d1_2\u2033 _builder_version=\u201d4.21.0\u2033 _module_preset=\u201ddefault\u201d global_colors_info=\u201d{}\u201d][et_pb_image src=\u201dhttps:\/\/lauchernalp-resort.ch\/wp-content\/uploads\/2023\/06\/Untitled-5_web-2.jpg\u201d title_text=\u201dUntitled-5_web\u201d show_bottom_space=\u201daus\u201d _builder_version=\u201d4.21.0\u2033 _module_preset=\u201ddefault\u201d custom_margin=\u201d||20px||false|false\u201d global_colors_info=\u201d{}\u201d][\/et_pb_image][et_pb_text _builder_version=\u201d4.21.0\u2033 _module_preset=\u201ddefault\u201d custom_margin=\u201d0px||0px||false|false\u201d custom_padding=\u201d0px||0px||false|false\u201d global_colors_info=\u201d{}\u201d]<\/p>\n<p>Das Hotel Viktoria \u00fcberblickt die Thermalb\u00e4der von Leukerbad, diesen kosmopolitischen europ\u00e4ischen Schmelztiegel, Treffpunkt und R\u00fcckzugsort<\/p>\n<p>[\/et_pb_text][\/et_pb_column][et_pb_column type=\u201d1_2\u2033 _builder_version=\u201d4.21.0\u2033 _module_preset=\u201ddefault\u201d global_colors_info=\u201d{}\u201d][et_pb_image src=\u201dhttps:\/\/lauchernalp-resort.ch\/wp-content\/uploads\/2023\/06\/Untitled-6_web-2.jpg\u201d title_text=\u201dUntitled-6_web\u201d show_bottom_space=\u201doff\u201d _builder_version=\u201d4.21.0\u2033 _module_preset=\u201ddefault\u201d custom_margin=\u201d||20px||false|false\u201d global_colors_info=\u201d{}\u201d][\/et_pb_image][et_pb_text _builder_version=\u201d4.21.0\u2033 _module_preset=\u201dStandard\u201d benutzerdefinierter Rand=\u201d0px||0px||false|false\u201d benutzerdefiniertes Polster=\u201d0px||0px||false|false\u201d global_colors_info=\u201d{}\u201d]<\/p>\n<p>Malerische, gepflegte, \u00fcppige gr\u00fcne H\u00fcgel, die im Sommer atemberaubend sind und sich im Winter in schneewei\u00dfe Skigebiete verwandeln<\/p>\n<p>[\/et_pb_text][\/et_pb_column][\/et_pb_row][et_pb_row custom_padding_last_edited=\u201dam|Telefon\u201d _builder_version=\u201d4.21.0\u2033 _module_preset=\u201ddefault\u201d width=\u201d97%\u201d width_tablet=\u201d97%\u201d width_phone=\u201d85%\u201d width_last_edited=\u201dam|Telefon\u201d max_width=\u201d100%\u201d module_alignment=\u201dcenter\u201d custom_margin=\u201d|25px||25px|false|true\u201d custom_margin_tablet=\u201d|25px||25px|false|true\u201d custom_margin_phone=\u201d0px||||false|false\u201d custom_margin_last_edited=\u201dam|Telefon\u201d custom_padding_tablet=\u201d\u201d custom_padding_phone=\u201d0px||0px||false|false\u201d animation_style=\u201dslide\u201d animation_direction=\u201dbottom\u201d animation_duration=\u201d1400ms\u201d animation_intensity_slide=\u201d4%\u201d global_colors_info=\u201d{}\u201d][et_pb_column type=\u201d4_4\u2033 _builder_version=\u201d4.21.0\u2033 _module_preset=\u201ddefault\u201d global_colors_info=\u201d{}\u201d][et_pb_image src=\u201dhttps:\/\/lauchernalp-resort.ch\/wp-content\/uploads\/2023\/06\/Untitled-7_web-2.jpg\u201d title_text=\u201dUntitled-7_web\u201d show_bottom_space=\u201doff\u201d align=\u201dcenter\u201d force_fullwidth=\u201don\u201d _builder_version=\u201d4.21.0\u2033 _module_preset=\u201ddefault\u201d custom_margin=\u201d||20px||false|false\u201d global_colors_info=\u201d{}\u201d][\/et_pb_image][et_pb_text _builder_version=\u201d4.21.0\u2033 _module_preset=\u201ddefault\u201d custom_margin=\u201d0px||0px||false|false\u201d custom_padding=\u201d0px||0px||false|false\u201d global_colors_info=\u201d{}\u201d]<\/p>\n<p>Wundersch\u00f6nes Luftbild, das die Farbe, Tiefe und vielf\u00e4ltige Gestaltung dieses Wasserwunderlandes zeigt. Eine erfrischende Flucht und Auszeit f\u00fcr alle Altersgruppen. Foto zu diesem Anlass, aufgenommen mit freundlicher Genehmigung von @misterjackdaniel<\/p>\n<p>[\/et_pb_text][\/et_pb_column][\/et_pb_row][\/et_pb_section][et_pb_section fb_built=&#8221;1&#8243; custom_padding_last_edited=&#8221;on|phone&#8221; _builder_version=&#8221;4.21.0&#8243; _module_preset=&#8221;default&#8221; custom_margin=&#8221;0px||0px||false|false&#8221; custom_padding=&#8221;0px||||false|false&#8221; custom_padding_tablet=&#8221;0px||||false|false&#8221; custom_padding_phone=&#8221;||0px||false|false&#8221; global_colors_info=&#8221;{}&#8221;][et_pb_row _builder_version=&#8221;4.19.1&#8243; _module_preset=&#8221;default&#8221; global_colors_info=&#8221;{}&#8221;][et_pb_column type=&#8221;4_4&#8243; _builder_version=&#8221;4.19.1&#8243; _module_preset=&#8221;default&#8221; global_colors_info=&#8221;{}&#8221;][et_pb_text _builder_version=&#8221;4.19.1&#8243; _module_preset=&#8221;default&#8221; text_text_color=&#8221;#000000&#8243; text_font_size=&#8221;30px&#8221; header_text_align=&#8221;center&#8221; header_text_color=&#8221;gcid-efcfe83a-45ac-45f9-adda-2801562f31f2&#8243; header_font_size=&#8221;40px&#8221; header_2_text_align=&#8221;center&#8221; header_2_text_color=&#8221;#FFFFFF&#8221; header_2_font_size=&#8221;40px&#8221; text_orientation=&#8221;center&#8221; custom_margin=&#8221;0px||0px||false|false&#8221; custom_padding=&#8221;||0px||false|false&#8221; global_colors_info=&#8221;{%22gcid-efcfe83a-45ac-45f9-adda-2801562f31f2%22:%91%22header_text_color%22%93}&#8221;]More to Explore<br \/>\n[\/et_pb_text][\/et_pb_column][\/et_pb_row][et_pb_row column_structure=&#8221;1_3,1_3,1_3&#8243; use_custom_gutter=&#8221;on&#8221; gutter_width=&#8221;1&#8243; make_equal=&#8221;on&#8221; module_class=&#8221;pa-full-height-image-column&#8221; _builder_version=&#8221;4.21.0&#8243; _module_preset=&#8221;default&#8221; width=&#8221;100%&#8221; max_width=&#8221;100%&#8221; custom_margin=&#8221;||||false|false&#8221; custom_padding=&#8221;|11px||25px|false|false&#8221; animation_style=&#8221;slide&#8221; animation_direction=&#8221;bottom&#8221; animation_duration=&#8221;1400ms&#8221; animation_intensity_slide=&#8221;4%&#8221; global_colors_info=&#8221;{}&#8221;][et_pb_column type=&#8221;1_3&#8243; _builder_version=&#8221;4.21.0&#8243; _module_preset=&#8221;default&#8221; custom_padding=&#8221;|14px|||false|false&#8221; global_colors_info=&#8221;{}&#8221;][et_pb_image src=&#8221;https:\/\/lauchernalp-resort.ch\/wp-content\/uploads\/2023\/05\/Kippel-copy.jpg&#8221; title_text=&#8221;Kippel copy&#8221; show_bottom_space=&#8221;off&#8221; _builder_version=&#8221;4.21.0&#8243; _module_preset=&#8221;default&#8221; custom_margin=&#8221;||8px||false|false&#8221; global_colors_info=&#8221;{}&#8221;][\/et_pb_image][et_pb_text _builder_version=&#8221;4.19.1&#8243; _module_preset=&#8221;default&#8221; text_font=&#8221;Leitura|300|on||||||&#8221; text_text_color=&#8221;#000000&#8243; text_font_size=&#8221;17px&#8221; header_text_color=&#8221;gcid-efcfe83a-45ac-45f9-adda-2801562f31f2&#8243; header_font_size=&#8221;40px&#8221; header_2_text_align=&#8221;center&#8221; header_2_text_color=&#8221;#FFFFFF&#8221; header_2_font_size=&#8221;40px&#8221; custom_margin=&#8221;20px||0px||false|false&#8221; custom_padding=&#8221;||0px||false|false&#8221; global_colors_info=&#8221;{%22gcid-efcfe83a-45ac-45f9-adda-2801562f31f2%22:%91%22header_text_color%22%93}&#8221;]Summer Day Trip Destinations<br \/>\n[\/et_pb_text][et_pb_text _builder_version=&#8221;4.19.1&#8243; _module_preset=&#8221;default&#8221; text_text_color=&#8221;#000000&#8243; text_font_size=&#8221;30px&#8221; header_text_align=&#8221;center&#8221; header_text_color=&#8221;gcid-efcfe83a-45ac-45f9-adda-2801562f31f2&#8243; header_font_size=&#8221;40px&#8221; header_2_text_align=&#8221;center&#8221; header_2_text_color=&#8221;#FFFFFF&#8221; header_2_font_size=&#8221;40px&#8221; custom_margin=&#8221;20px||0px||false|false&#8221; custom_padding=&#8221;||0px||false|false&#8221; global_colors_info=&#8221;{%22gcid-efcfe83a-45ac-45f9-adda-2801562f31f2%22:%91%22header_text_color%22%93}&#8221;]L\u00f6tschental[\/et_pb_text][et_pb_text _builder_version=&#8221;4.21.0&#8243; _module_preset=&#8221;default&#8221; width=&#8221;90%&#8221; module_alignment=&#8221;left&#8221; custom_margin=&#8221;||||false|false&#8221; custom_padding=&#8221;30px||||false|false&#8221; global_colors_info=&#8221;{}&#8221;]<\/p>\n<p>Entdecken Sie das Beste vom Magic Valley, epische Wanderwege f\u00fcr alle Schwierigkeitsgrade, Schwimmen im See, Mountainbiken in den Alpen, einen Besuch im \u00f6rtlichen L\u00f6tschentaler Museum und springen Sie auf Monstertrotti f\u00fcr eine aufregende Fahrt von der Lauchernalp nach Wiler.<\/p>\n<p>[\/et_pb_text][et_pb_button button_url=&#8221;@ET-DC@eyJkeW5hbWljIjp0cnVlLCJjb250ZW50IjoicG9zdF9saW5rX3VybF9wYWdlIiwic2V0dGluZ3MiOnsicG9zdF9pZCI6IjI1NTcifX0=@&#8221; button_text=&#8221;DISCOVER MORE&#8221; button_alignment=&#8221;left&#8221; _builder_version=&#8221;4.21.0&#8243; _dynamic_attributes=&#8221;button_url&#8221; _module_preset=&#8221;default&#8221; custom_button=&#8221;on&#8221; button_text_size=&#8221;15px&#8221; button_text_color=&#8221;#000000&#8243; button_bg_color=&#8221;RGBA(255,255,255,0)&#8221; button_border_width=&#8221;1px&#8221; button_border_color=&#8221;#000000&#8243; button_border_radius=&#8221;5px&#8221; button_letter_spacing=&#8221;2px&#8221; button_font=&#8221;|600|||||||&#8221; button_use_icon=&#8221;off&#8221; custom_margin=&#8221;20px||||false|false&#8221; custom_margin_tablet=&#8221;&#8221; custom_margin_phone=&#8221;||40px||false|false&#8221; custom_margin_last_edited=&#8221;on|phone&#8221; custom_padding=&#8221;7px|20px|7px|20px|true|true&#8221; animation_style=&#8221;slide&#8221; animation_duration=&#8221;1400ms&#8221; animation_intensity_slide=&#8221;4%&#8221; global_colors_info=&#8221;{}&#8221;][\/et_pb_button][\/et_pb_column][et_pb_column type=&#8221;1_3&#8243; _builder_version=&#8221;4.21.0&#8243; _module_preset=&#8221;default&#8221; custom_padding=&#8221;|14px|||false|false&#8221; global_colors_info=&#8221;{}&#8221;][et_pb_image src=&#8221;https:\/\/lauchernalp-resort.ch\/wp-content\/uploads\/2023\/06\/More-to-explore_Interlaken.jpg&#8221; title_text=&#8221;More to explore_Interlaken&#8221; _builder_version=&#8221;4.21.0&#8243; _module_preset=&#8221;default&#8221; global_colors_info=&#8221;{}&#8221;][\/et_pb_image][et_pb_text _builder_version=&#8221;4.21.0&#8243; _module_preset=&#8221;default&#8221; text_font=&#8221;Leitura|300|on||||||&#8221; text_text_color=&#8221;#000000&#8243; text_font_size=&#8221;17px&#8221; header_text_color=&#8221;gcid-efcfe83a-45ac-45f9-adda-2801562f31f2&#8243; header_font_size=&#8221;40px&#8221; header_2_text_align=&#8221;center&#8221; header_2_text_color=&#8221;#FFFFFF&#8221; header_2_font_size=&#8221;40px&#8221; custom_margin=&#8221;20px||0px||false|false&#8221; custom_padding=&#8221;||0px||false|false&#8221; global_colors_info=&#8221;{%22gcid-efcfe83a-45ac-45f9-adda-2801562f31f2%22:%91%22header_text_color%22%93}&#8221;]<\/p>\n<p>Sommer-Tagesausflugsziele<\/p>\n<p>[\/et_pb_text][et_pb_text _builder_version=&#8221;4.21.0&#8243; _module_preset=&#8221;default&#8221; text_text_color=&#8221;#000000&#8243; text_font_size=&#8221;30px&#8221; header_text_align=&#8221;center&#8221; header_text_color=&#8221;gcid-efcfe83a-45ac-45f9-adda-2801562f31f2&#8243; header_font_size=&#8221;40px&#8221; header_2_text_align=&#8221;center&#8221; header_2_text_color=&#8221;#FFFFFF&#8221; header_2_font_size=&#8221;40px&#8221; custom_margin=&#8221;20px||0px||false|false&#8221; custom_padding=&#8221;||0px||false|false&#8221; global_colors_info=&#8221;{%22gcid-efcfe83a-45ac-45f9-adda-2801562f31f2%22:%91%22header_text_color%22%93}&#8221;]<\/p>\n<p>Interlaken<\/p>\n<p>[\/et_pb_text][et_pb_text _builder_version=\u201c4.21.0\u201c _module_preset=\u201cdefault\u201c width=\u201c90%\u201c module_alignment=\u201cleft\u201c custom_margin=\u201c||||false|false\u201c custom_padding=\u201c30px||||false|false \u201d global_colors_info=\u201c{}\u201c]<\/p>\n<p>Interlaken ist ein traditioneller Ferienort im bergigen Berner Oberland in der Zentralschweiz. Die umliegenden Berge mit dichten W\u00e4ldern, Almwiesen und Gletschern bieten zahlreiche Wander- und Skiwege.<\/p>\n<p>[\/et_pb_text][et_pb_button button_url=&#8221;@ET-DC@eyJkeW5hbWljIjp0cnVlLCJjb250ZW50IjoicG9zdF9saW5rX3VybF9wYWdlIiwic2V0dGluZ3MiOnsicG9zdF9pZCI6IjU4NjEifX0=@&#8221; button_text=&#8221;DISCOVER MORE&#8221; button_alignment=&#8221;left&#8221; _builder_version=&#8221;4.21.0&#8243; _dynamic_attributes=&#8221;button_url&#8221; _module_preset=&#8221;default&#8221; custom_button=&#8221;on&#8221; button_text_size=&#8221;15px&#8221; button_text_color=&#8221;#000000&#8243; button_bg_color=&#8221;RGBA(255,255,255,0)&#8221; button_border_width=&#8221;1px&#8221; button_border_color=&#8221;#000000&#8243; button_border_radius=&#8221;5px&#8221; button_letter_spacing=&#8221;2px&#8221; button_font=&#8221;|600|||||||&#8221; button_use_icon=&#8221;off&#8221; custom_margin=&#8221;20px||||false|false&#8221; custom_margin_tablet=&#8221;&#8221; custom_margin_phone=&#8221;||40px||false|false&#8221; custom_margin_last_edited=&#8221;on|phone&#8221; custom_padding=&#8221;7px|20px|7px|20px|true|true&#8221; animation_style=&#8221;slide&#8221; animation_duration=&#8221;1400ms&#8221; animation_intensity_slide=&#8221;4%&#8221; global_colors_info=&#8221;{}&#8221;][\/et_pb_button][\/et_pb_column][et_pb_column type=&#8221;1_3&#8243; _builder_version=&#8221;4.21.0&#8243; _module_preset=&#8221;default&#8221; custom_padding=&#8221;|14px|||false|false&#8221; global_colors_info=&#8221;{}&#8221;][et_pb_image src=&#8221;https:\/\/lauchernalp-resort.ch\/wp-content\/uploads\/2023\/06\/More-to-explore_grindelwald.jpg&#8221; title_text=&#8221;More to explore_grindelwald&#8221; _builder_version=&#8221;4.21.0&#8243; _module_preset=&#8221;default&#8221; global_colors_info=&#8221;{}&#8221;][\/et_pb_image][et_pb_text _builder_version=&#8221;4.21.0&#8243; _module_preset=&#8221;default&#8221; text_font=&#8221;Leitura|300|on||||||&#8221; text_text_color=&#8221;#000000&#8243; text_font_size=&#8221;17px&#8221; header_text_color=&#8221;gcid-efcfe83a-45ac-45f9-adda-2801562f31f2&#8243; header_font_size=&#8221;40px&#8221; header_2_text_align=&#8221;center&#8221; header_2_text_color=&#8221;#FFFFFF&#8221; header_2_font_size=&#8221;40px&#8221; custom_margin=&#8221;20px||0px||false|false&#8221; custom_padding=&#8221;||0px||false|false&#8221; global_colors_info=&#8221;{%22gcid-efcfe83a-45ac-45f9-adda-2801562f31f2%22:%91%22header_text_color%22%93}&#8221;]<\/p>\n<p>Sommer-Tagesausflugsziele<\/p>\n<p>[\/et_pb_text][et_pb_text _builder_version=&#8221;4.21.0&#8243; _module_preset=&#8221;default&#8221; text_text_color=&#8221;#000000&#8243; text_font_size=&#8221;30px&#8221; header_text_align=&#8221;center&#8221; header_text_color=&#8221;gcid-efcfe83a-45ac-45f9-adda-2801562f31f2&#8243; header_font_size=&#8221;40px&#8221; header_2_text_align=&#8221;center&#8221; header_2_text_color=&#8221;#FFFFFF&#8221; header_2_font_size=&#8221;40px&#8221; custom_margin=&#8221;20px||0px||false|false&#8221; custom_padding=&#8221;||0px||false|false&#8221; global_colors_info=&#8221;{%22gcid-efcfe83a-45ac-45f9-adda-2801562f31f2%22:%91%22header_text_color%22%93}&#8221;]<\/p>\n<p class=\"p1\">Grindelwald<\/p>\n<p>[\/et_pb_text][et_pb_text _builder_version=\u201c4.21.0\u201c _module_preset=\u201cdefault\u201c width=\u201c90%\u201c module_alignment=\u201cleft\u201c custom_margin=\u201c||||false|false\u201c custom_padding=\u201c30px||||false|false \u201d global_colors_info=\u201c{}\u201c]<\/p>\n<p><span>Grindelwald ist ber\u00fchmt f\u00fcr <\/span>Die atemberaubende Landschaft der umliegenden hohen Berge, eine gro\u00dfe Auswahl an Outdoor-Aktivit\u00e4ten zu jeder Jahreszeit und auch Einkaufsm\u00f6glichkeiten<span>. Das bekannteste Wahrzeichen der Region ist das Jungfraujoch, der Gipfel Europas.<\/span><\/p>\n<p>[\/et_pb_text][et_pb_button button_url=\u201d@ET-DC@eyJkeW5hbWljIjp0cnVlLCJjb250ZW50IjoicG9zdF9saW5rX3VybF9wYWdlIiwic2V0dGluZ3MiOnsicG9zdF9pZCI6IjYwMTEifX0=@\u201d button_text=\u201dMEHR ENTDECKEN\u201d button_alignment=\u201dleft\u201d _builder_version=\u201d4.21.0\u2033 _dynamic_attributes=\u201dbutton_url\u201d _module_preset=\u201ddefault\u201d custom_button=\u201don\u201d button_text_size=\u201d15px\u201d button_text_color=\u201d#000000\u2033 button_bg_color=\u201dRGBA(255,255,255,0)\u201d Schaltfl\u00e4chenrandbreite = \u201e1px\u201c Schaltfl\u00e4chenrandfarbe = \u201e#000000\u201c Schaltfl\u00e4chenrandradius = \u201e5px\u201c Schaltfl\u00e4chenbuchstabenabstand = \u201e2px\u201c Schaltfl\u00e4chenschriftart = \u201e|600||||||||\u201c button_use_icon=\u201daus\u201d custom_margin=\u201d20px||||false|false\u201d custom_margin_tablet=\u201d\u201d custom_margin_phone=\u201d||40px||false|false\u201d custom_margin_last_edited=\u201dan|Telefon\u201d custom_padding=\u201d7px|20px|7px|20px|true|true\u201d animation_style=\u201dFolie\u201d animation_duration=\u201d1400ms\u201d animation_intensity_slide=\u201d4%\u201d global_colors_info=\u201d{}\u201d][\/et_pb_button][\/et_pb_column][\/et_pb_row][\/et_pb_section]<\/p>","protected":false},"excerpt":{"rendered":"<p>Sommerausflugsziele Leukerbad38 km \/ 43 min FAHRTLeukerbad, tauchen Sie ein in die atemberaubende Berglandschaft dieser Region. Abenteuerlustige k\u00f6nnen die lokalen Wanderwege entdecken. Oder genie\u00dfen Sie einfach ein Vergn\u00fcgen f\u00fcr alle Sinne in einem der \u00f6ffentlichen Thermalb\u00e4der. F\u00fcr jeden ist etwas dabei, mit Supertubes f\u00fcr Kinder und einer Vielzahl von Indoor-Aktivit\u00e4ten [\u2026]<\/p>","protected":false},"author":1,"featured_media":5845,"parent":0,"menu_order":0,"comment_status":"closed","ping_status":"closed","template":"","meta":{"_et_pb_use_builder":"on","_et_pb_old_content":"","_et_gb_content_width":"","footnotes":""},"class_list":["post-6046","page","type-page","status-publish","has-post-thumbnail","hentry"],"yoast_head":"<!-- This site is optimized with the Yoast SEO Premium plugin v20.7 (Yoast SEO v26.6) - https:\/\/yoast.com\/wordpress\/plugins\/seo\/ -->\n<title>Leukerbad | Lauchernalp<\/title>\n<meta name=\"robots\" content=\"index, follow, max-snippet:-1, max-image-preview:large, max-video-preview:-1\" \/>\n<link rel=\"canonical\" href=\"https:\/\/lauchernalp-resort.ch\/de\/leukerbad\/\" \/>\n<meta property=\"og:locale\" content=\"de_DE\" \/>\n<meta property=\"og:type\" content=\"article\" \/>\n<meta property=\"og:title\" content=\"Leukerbad\" \/>\n<meta property=\"og:description\" content=\"Summer Day Trip Destinations Leukerbad38km \/ 43min DRIVELeukerbad, go ahead and dive into the breathtaking mountain scenery that beholds this region. For the adventurous, discover local hiking trails. Or simply enjoy pleasure for all of your senses at one of the public thermal baths. Something for everyone, with kids supertubes and a variety of indoor [&hellip;]\" \/>\n<meta property=\"og:url\" content=\"https:\/\/lauchernalp-resort.ch\/de\/leukerbad\/\" \/>\n<meta property=\"og:site_name\" content=\"Lauchernalp\" \/>\n<meta property=\"article:publisher\" content=\"https:\/\/www.facebook.com\/Lauchernalpresort\" \/>\n<meta property=\"article:modified_time\" content=\"2024-06-20T10:02:00+00:00\" \/>\n<meta property=\"og:image\" content=\"https:\/\/lauchernalp-resort.ch\/wp-content\/uploads\/2023\/05\/Leukerbad-Summer_crop.jpg\" \/>\n\t<meta property=\"og:image:width\" content=\"1000\" \/>\n\t<meta property=\"og:image:height\" content=\"722\" \/>\n\t<meta property=\"og:image:type\" content=\"image\/jpeg\" \/>\n<meta name=\"twitter:card\" content=\"summary_large_image\" \/>\n<meta name=\"twitter:label1\" content=\"Gesch\u00e4tzte Lesezeit\" \/>\n\t<meta name=\"twitter:data1\" content=\"7\u00a0Minuten\" \/>\n<script type=\"application\/ld+json\" class=\"yoast-schema-graph\">{\"@context\":\"https:\/\/schema.org\",\"@graph\":[{\"@type\":\"WebPage\",\"@id\":\"https:\/\/lauchernalp-resort.ch\/leukerbad\/\",\"url\":\"https:\/\/lauchernalp-resort.ch\/leukerbad\/\",\"name\":\"Leukerbad | Lauchernalp\",\"isPartOf\":{\"@id\":\"https:\/\/lauchernalp-resort.ch\/#website\"},\"primaryImageOfPage\":{\"@id\":\"https:\/\/lauchernalp-resort.ch\/leukerbad\/#primaryimage\"},\"image\":{\"@id\":\"https:\/\/lauchernalp-resort.ch\/leukerbad\/#primaryimage\"},\"thumbnailUrl\":\"https:\/\/lauchernalp-resort.ch\/wp-content\/uploads\/2023\/05\/Leukerbad-Summer_crop.jpg\",\"datePublished\":\"2023-06-12T12:24:23+00:00\",\"dateModified\":\"2024-06-20T10:02:00+00:00\",\"breadcrumb\":{\"@id\":\"https:\/\/lauchernalp-resort.ch\/leukerbad\/#breadcrumb\"},\"inLanguage\":\"de\",\"potentialAction\":[{\"@type\":\"ReadAction\",\"target\":[\"https:\/\/lauchernalp-resort.ch\/leukerbad\/\"]}]},{\"@type\":\"ImageObject\",\"inLanguage\":\"de\",\"@id\":\"https:\/\/lauchernalp-resort.ch\/leukerbad\/#primaryimage\",\"url\":\"https:\/\/lauchernalp-resort.ch\/wp-content\/uploads\/2023\/05\/Leukerbad-Summer_crop.jpg\",\"contentUrl\":\"https:\/\/lauchernalp-resort.ch\/wp-content\/uploads\/2023\/05\/Leukerbad-Summer_crop.jpg\",\"width\":1000,\"height\":722},{\"@type\":\"BreadcrumbList\",\"@id\":\"https:\/\/lauchernalp-resort.ch\/leukerbad\/#breadcrumb\",\"itemListElement\":[{\"@type\":\"ListItem\",\"position\":1,\"name\":\"Home\",\"item\":\"https:\/\/lauchernalp-resort.ch\/\"},{\"@type\":\"ListItem\",\"position\":2,\"name\":\"Leukerbad\"}]},{\"@type\":\"WebSite\",\"@id\":\"https:\/\/lauchernalp-resort.ch\/#website\",\"url\":\"https:\/\/lauchernalp-resort.ch\/\",\"name\":\"Lauchernalp\",\"description\":\"Swiss Resort Residences\",\"publisher\":{\"@id\":\"https:\/\/lauchernalp-resort.ch\/#organization\"},\"potentialAction\":[{\"@type\":\"SearchAction\",\"target\":{\"@type\":\"EntryPoint\",\"urlTemplate\":\"https:\/\/lauchernalp-resort.ch\/?s={search_term_string}\"},\"query-input\":{\"@type\":\"PropertyValueSpecification\",\"valueRequired\":true,\"valueName\":\"search_term_string\"}}],\"inLanguage\":\"de\"},{\"@type\":\"Organization\",\"@id\":\"https:\/\/lauchernalp-resort.ch\/#organization\",\"name\":\"Lauchernalp Resort\",\"url\":\"https:\/\/lauchernalp-resort.ch\/\",\"logo\":{\"@type\":\"ImageObject\",\"inLanguage\":\"de\",\"@id\":\"https:\/\/lauchernalp-resort.ch\/#\/schema\/logo\/image\/\",\"url\":\"https:\/\/lauchernalp-resort.ch\/wp-content\/uploads\/2022\/01\/logo_02-2-copy.png\",\"contentUrl\":\"https:\/\/lauchernalp-resort.ch\/wp-content\/uploads\/2022\/01\/logo_02-2-copy.png\",\"width\":163,\"height\":170,\"caption\":\"Lauchernalp Resort\"},\"image\":{\"@id\":\"https:\/\/lauchernalp-resort.ch\/#\/schema\/logo\/image\/\"},\"sameAs\":[\"https:\/\/www.facebook.com\/Lauchernalpresort\"]}]}<\/script>\n<!-- \/ Yoast SEO Premium plugin. -->","yoast_head_json":{"title":"Leukerbad | Lauchernalp","robots":{"index":"index","follow":"follow","max-snippet":"max-snippet:-1","max-image-preview":"max-image-preview:large","max-video-preview":"max-video-preview:-1"},"canonical":"https:\/\/lauchernalp-resort.ch\/de\/leukerbad\/","og_locale":"de_DE","og_type":"article","og_title":"Leukerbad","og_description":"Summer Day Trip Destinations Leukerbad38km \/ 43min DRIVELeukerbad, go ahead and dive into the breathtaking mountain scenery that beholds this region. For the adventurous, discover local hiking trails. Or simply enjoy pleasure for all of your senses at one of the public thermal baths. Something for everyone, with kids supertubes and a variety of indoor [&hellip;]","og_url":"https:\/\/lauchernalp-resort.ch\/de\/leukerbad\/","og_site_name":"Lauchernalp","article_publisher":"https:\/\/www.facebook.com\/Lauchernalpresort","article_modified_time":"2024-06-20T10:02:00+00:00","og_image":[{"width":1000,"height":722,"url":"https:\/\/lauchernalp-resort.ch\/wp-content\/uploads\/2023\/05\/Leukerbad-Summer_crop.jpg","type":"image\/jpeg"}],"twitter_card":"summary_large_image","twitter_misc":{"Gesch\u00e4tzte Lesezeit":"7\u00a0Minuten"},"schema":{"@context":"https:\/\/schema.org","@graph":[{"@type":"WebPage","@id":"https:\/\/lauchernalp-resort.ch\/leukerbad\/","url":"https:\/\/lauchernalp-resort.ch\/leukerbad\/","name":"Leukerbad | Lauchernalp","isPartOf":{"@id":"https:\/\/lauchernalp-resort.ch\/#website"},"primaryImageOfPage":{"@id":"https:\/\/lauchernalp-resort.ch\/leukerbad\/#primaryimage"},"image":{"@id":"https:\/\/lauchernalp-resort.ch\/leukerbad\/#primaryimage"},"thumbnailUrl":"https:\/\/lauchernalp-resort.ch\/wp-content\/uploads\/2023\/05\/Leukerbad-Summer_crop.jpg","datePublished":"2023-06-12T12:24:23+00:00","dateModified":"2024-06-20T10:02:00+00:00","breadcrumb":{"@id":"https:\/\/lauchernalp-resort.ch\/leukerbad\/#breadcrumb"},"inLanguage":"de","potentialAction":[{"@type":"ReadAction","target":["https:\/\/lauchernalp-resort.ch\/leukerbad\/"]}]},{"@type":"ImageObject","inLanguage":"de","@id":"https:\/\/lauchernalp-resort.ch\/leukerbad\/#primaryimage","url":"https:\/\/lauchernalp-resort.ch\/wp-content\/uploads\/2023\/05\/Leukerbad-Summer_crop.jpg","contentUrl":"https:\/\/lauchernalp-resort.ch\/wp-content\/uploads\/2023\/05\/Leukerbad-Summer_crop.jpg","width":1000,"height":722},{"@type":"BreadcrumbList","@id":"https:\/\/lauchernalp-resort.ch\/leukerbad\/#breadcrumb","itemListElement":[{"@type":"ListItem","position":1,"name":"Home","item":"https:\/\/lauchernalp-resort.ch\/"},{"@type":"ListItem","position":2,"name":"Leukerbad"}]},{"@type":"WebSite","@id":"https:\/\/lauchernalp-resort.ch\/#website","url":"https:\/\/lauchernalp-resort.ch\/","name":"Lauchernalp","description":"Swiss Resort Residences","publisher":{"@id":"https:\/\/lauchernalp-resort.ch\/#organization"},"potentialAction":[{"@type":"SearchAction","target":{"@type":"EntryPoint","urlTemplate":"https:\/\/lauchernalp-resort.ch\/?s={search_term_string}"},"query-input":{"@type":"PropertyValueSpecification","valueRequired":true,"valueName":"search_term_string"}}],"inLanguage":"de"},{"@type":"Organization","@id":"https:\/\/lauchernalp-resort.ch\/#organization","name":"Lauchernalp Resort","url":"https:\/\/lauchernalp-resort.ch\/","logo":{"@type":"ImageObject","inLanguage":"de","@id":"https:\/\/lauchernalp-resort.ch\/#\/schema\/logo\/image\/","url":"https:\/\/lauchernalp-resort.ch\/wp-content\/uploads\/2022\/01\/logo_02-2-copy.png","contentUrl":"https:\/\/lauchernalp-resort.ch\/wp-content\/uploads\/2022\/01\/logo_02-2-copy.png","width":163,"height":170,"caption":"Lauchernalp Resort"},"image":{"@id":"https:\/\/lauchernalp-resort.ch\/#\/schema\/logo\/image\/"},"sameAs":["https:\/\/www.facebook.com\/Lauchernalpresort"]}]}},"_links":{"self":[{"href":"https:\/\/lauchernalp-resort.ch\/de\/wp-json\/wp\/v2\/pages\/6046","targetHints":{"allow":["GET"]}}],"collection":[{"href":"https:\/\/lauchernalp-resort.ch\/de\/wp-json\/wp\/v2\/pages"}],"about":[{"href":"https:\/\/lauchernalp-resort.ch\/de\/wp-json\/wp\/v2\/types\/page"}],"author":[{"embeddable":true,"href":"https:\/\/lauchernalp-resort.ch\/de\/wp-json\/wp\/v2\/users\/1"}],"replies":[{"embeddable":true,"href":"https:\/\/lauchernalp-resort.ch\/de\/wp-json\/wp\/v2\/comments?post=6046"}],"version-history":[{"count":17,"href":"https:\/\/lauchernalp-resort.ch\/de\/wp-json\/wp\/v2\/pages\/6046\/revisions"}],"predecessor-version":[{"id":6730,"href":"https:\/\/lauchernalp-resort.ch\/de\/wp-json\/wp\/v2\/pages\/6046\/revisions\/6730"}],"wp:featuredmedia":[{"embeddable":true,"href":"https:\/\/lauchernalp-resort.ch\/de\/wp-json\/wp\/v2\/media\/5845"}],"wp:attachment":[{"href":"https:\/\/lauchernalp-resort.ch\/de\/wp-json\/wp\/v2\/media?parent=6046"}],"curies":[{"name":"wp","href":"https:\/\/api.w.org\/{rel}","templated":true}]}}